{"id":503,"date":"2024-08-19T12:40:39","date_gmt":"2024-08-19T10:40:39","guid":{"rendered":"http:\/\/localhost\/quadral\/?page_id=503"},"modified":"2025-12-15T15:42:49","modified_gmt":"2025-12-15T14:42:49","slug":"datenschutzerklaerung","status":"publish","type":"page","link":"https:\/\/www.quadral.com\/de\/datenschutzerklaerung\/","title":{"rendered":"Datenschutzerkl\u00e4rung der Quadral GmbH"},"content":{"rendered":"\n<div class=\"wp-block-group legal-div\"><div class=\"wp-block-group__inner-container is-layout-constrained wp-block-group-is-layout-constrained\">\n<p><\/p>\n\n\n\n<h2 class=\"wp-block-heading has-white-color has-text-color has-link-color wp-elements-37f7173d885ff103e64f63a4e53e66e0\">Datenschutzerkl\u00e4rung der Quadral GmbH<\/h2>\n\n\n\n<p>Wir freuen uns, dass Sie unsere Webseite besuchen und bedanken uns f\u00fcr Ihr Interesse an unserem Unternehmen. Der Schutz personenbezogener Daten ist uns ein wichtiges Anliegen. Deshalb erfolgt die Verarbeitung personenbezogener Daten, beispielsweise des Namens, der Anschrift, der E-Mail-Adresse oder der Telefonnummer einer betroffenen Person in \u00dcbereinstimmung mit den geltenden europ\u00e4ischen und nationalen Rechtsvorschriften.<\/p>\n\n\n\n<p>Ist die Verarbeitung personenbezogener Daten erforderlich und besteht f\u00fcr eine solche Verarbeitung keine gesetzliche Grundlage, holen wir generell die Einwilligung der betroffenen Person ein.<\/p>\n\n\n\n<p>Im Folgenden m\u00f6chte die Quadral GmbH (nachfolgend: \u201ewir\u201c, \u201euns\u201c usw. genannt) die \u00d6ffentlichkeit \u00fcber Art, Umfang und Zweck der von ihr verarbeiteten personenbezogenen Daten informieren. Ferner werden betroffene Personen mittels dieser Datenschutzerkl\u00e4rung \u00fcber die ihnen zustehenden Rechte aufgekl\u00e4rt.<\/p>\n\n\n\n<h4 class=\"wp-block-heading\"><strong>Widerrufsrecht gegen Ihre gegebenenfalls zur Datenverarbeitung get\u00e4tigten Einwilligungen<\/strong><\/h4>\n\n\n\n<p>Wenn die Datenverarbeitung auf Grundlage von Art. 6 Abs. 1 lit. a DSGVO, also Ihrer ausdr\u00fccklichen Einwilligung, erfolgt, haben Sie jederzeit das Recht, diese erteilte Einwilligung zu widerrufen (gem. Art. 7 Abs. 3 S. 1 DSGVO). Die jeweilige Rechtsgrundlage, auf die eine Verarbeitung beruht, entnehmen Sie dieser Datenschutzerkl\u00e4rung.<\/p>\n\n\n\n<p>Die Rechtm\u00e4\u00dfigkeit der bis zum Widerruf erfolgten Datenverarbeitung bleibt vom Widerruf unber\u00fchrt (gem. Art. 7 Abs. 3 S. 2 DSGVO).<\/p>\n\n\n\n<h4 class=\"wp-block-heading\"><strong>Widerspruchsrecht gegen die Datenerhebung in besonderen F\u00e4llen sowie gegen Direktwerbung<\/strong><\/h4>\n\n\n\n<p>WENN DIE DATENVERARBEITUNG AUF GRUNDLAGE VON ART. 6 ABS. 1 LIT. E ODER F DSGVO ERFOLGT, HABEN SIE JEDERZEIT DAS RECHT, AUS GR\u00dcNDEN, DIE SICH AUS IHRER BESONDEREN SITUATION ERGEBEN, GEGEN DIE VERARBEITUNG IHRER PERSONENBEZOGENEN DATEN WIDERSPRUCH EINZULEGEN; DIES GILT AUCH F\u00dcR EIN AUF DIESE BESTIMMUNGEN GEST\u00dcTZTES PROFILING. DIE JEWEILIGE RECHTSGRUNDLAGE, AUF DIE EINE VERARBEITUNG BERUHT, ENTNEHMEN SIE DIESER DATENSCHUTZERKL\u00c4RUNG. WENN SIE WIDERSPRUCH EINLEGEN, WERDEN WIR IHRE BETROFFENEN PERSONENBEZOGENEN DATEN NICHT MEHR VERARBEITEN, ES SEI DENN, WIR K\u00d6NNEN ZWINGENDE SCHUTZW\u00dcRDIGE GR\u00dcNDE F\u00dcR DIE VERARBEITUNG NACHWEISEN, DIE IHRE INTERESSEN, RECHTE UND FREIHEITEN \u00dcBERWIEGEN ODER DIE VERARBEITUNG DIENT DER GELTENDMACHUNG, AUS\u00dcBUNG ODER VERTEIDIGUNG VON RECHTSANSPR\u00dcCHEN (WIDERSPRUCH GEM. ART. 21 ABS. 1 DSGVO).<\/p>\n\n\n\n<p>WERDEN IHRE PERSONENBEZOGENEN DATEN VERARBEITET, UM DIREKTWERBUNG ZU BETREIBEN, SO HABEN SIE DAS RECHT, JEDERZEIT WIDERSPRUCH GEGEN DIE VERARBEITUNG SIE BETREFFENDER PERSONENBEZOGENER DATEN ZUM ZWECKE DERARTIGER WERBUNG EINZULEGEN; DIES GILT AUCH F\u00dcR DAS PROFILING, SOWEIT ES MIT SOLCHER DIREKTWERBUNG IN VERBINDUNG STEHT. WENN SIE WIDERSPRECHEN, WERDEN IHRE PERSONENBEZOGENEN DATEN ANSCHLIESSEND NICHT MEHR ZUM ZWECKE DER DIREKTWERBUNG VERWENDET (WIDERSPRUCH GEM. ART. 21 ABS. 2 DSGVO).<\/p>\n\n\n\n<h4 class=\"wp-block-heading\"><strong>Begriffsbestimmungen<\/strong><\/h4>\n\n\n\n<p>Unsere Datenschutzerkl\u00e4rung beruht auf den Begrifflichkeiten, die durch den Europ\u00e4ischen Richtlinien- und Verordnungsgeber beim Erlass der EU-Datenschutz-Grundverordnung (nachfolgend: \u201eDSGVO\u201c genannt) verwendet wurden. Unsere Datenschutzerkl\u00e4rung soll sowohl f\u00fcr die \u00d6ffentlichkeit als auch f\u00fcr unsere Kunden und Gesch\u00e4ftspartner einfach lesbar und verst\u00e4ndlich sein. Um dies zu gew\u00e4hrleisten, m\u00f6chten wir vorab die verwendeten Begrifflichkeiten erl\u00e4utern.<\/p>\n\n\n\n<p>Wir verwenden in dieser Datenschutzerkl\u00e4rung und auf unserer Webseite unter anderem die folgenden Begriffe:<\/p>\n\n\n\n<p><strong>Personenbezogene Daten<\/strong> sind alle Informationen, die sich auf eine identifizierte oder identifizierbare nat\u00fcrliche Person (nachfolgend \u201ebetroffene Person\u201c oder Betroffener\u201c genannt) beziehen. Als identifizierbar wird eine nat\u00fcrliche Person angesehen, die direkt oder indirekt, insbesondere mittels Zuordnung zu einer Kennung wie einem Namen, zu einer Kennnummer, zu Standortdaten, zu einer Online-Kennung oder zu einem oder mehreren besonderen Merkmalen, die Ausdruck der physischen, physiologischen, genetischen, psychischen, wirtschaftlichen, kulturellen oder sozialen Identit\u00e4t dieser nat\u00fcrlichen Person sind, identifiziert werden kann.<\/p>\n\n\n\n<p><strong>Betroffene Person<\/strong> ist jede identifizierte oder identifizierbare nat\u00fcrliche Person, deren personenbezogene Daten von dem f\u00fcr die Verarbeitung Verantwortlichen verarbeitet werden.<\/p>\n\n\n\n<p><strong>Verarbeitung<\/strong> ist jeder mit oder ohne Hilfe automatisierter Verfahren ausgef\u00fchrte Vorgang oder jede solche Vorgangsreihe im Zusammenhang mit personenbezogenen Daten wie das Erheben, das Erfassen, die Organisation, das Ordnen, die Speicherung, die Anpassung oder Ver\u00e4nderung, das Auslesen, das Abfragen, die Verwendung, die Offenlegung durch \u00dcbermittlung, Verbreitung oder eine andere Form der Bereitstellung, den Abgleich oder die Verkn\u00fcpfung, die Einschr\u00e4nkung, das L\u00f6schen oder die Vernichtung.<\/p>\n\n\n\n<p><strong>Einschr\u00e4nkung der Verarbeitung<\/strong> ist die Markierung gespeicherter personenbezogener Daten mit dem Ziel, ihre k\u00fcnftige Verarbeitung einzuschr\u00e4nken.<\/p>\n\n\n\n<p><strong>Profiling<\/strong> ist jede Art der automatisierten Verarbeitung personenbezogener Daten, die darin besteht, dass diese personenbezogenen Daten verwendet werden, um bestimmte pers\u00f6nliche Aspekte, die sich auf eine nat\u00fcrliche Person beziehen, zu bewerten, insbesondere, um Aspekte bez\u00fcglich Arbeitsleistung, wirtschaftlicher Lage, Gesundheit, pers\u00f6nlicher Vorlieben, Interessen, Zuverl\u00e4ssigkeit, Verhalten, Aufenthaltsort oder Ortswechsel dieser nat\u00fcrlichen Person zu analysieren oder vorherzusagen.<\/p>\n\n\n\n<p><strong>Pseudonymisierung<\/strong> ist die Verarbeitung personenbezogener Daten in einer Weise, auf welche die personenbezogenen Daten ohne Hinzuziehung zus\u00e4tzlicher Informationen nicht mehr einer spezifischen betroffenen Person zugeordnet werden k\u00f6nnen, sofern diese zus\u00e4tzlichen Informationen gesondert aufbewahrt werden und technischen und organisatorischen Ma\u00dfnahmen unterliegen, die gew\u00e4hrleisten, dass die personenbezogenen Daten nicht einer identifizierten oder identifizierbaren nat\u00fcrlichen Person zugewiesen werden.<\/p>\n\n\n\n<p><strong>Verantwortlicher oder f\u00fcr die Verarbeitung Verantwortlicher<\/strong> ist die nat\u00fcrliche oder juristische Person, Beh\u00f6rde, Einrichtung oder andere Stelle, die allein oder gemeinsam mit anderen \u00fcber die Zwecke und Mittel der Verarbeitung von personenbezogenen Daten entscheidet. Sind die Zwecke und Mittel dieser Verarbeitung durch das Unionsrecht oder das Recht der Mitgliedstaaten vorgegeben, so kann der Verantwortliche beziehungsweise k\u00f6nnen die bestimmten Kriterien seiner Benennung nach dem Unionsrecht oder dem Recht der Mitgliedstaaten vorgesehen werden.<\/p>\n\n\n\n<p><strong>Auftragsverarbeiter<\/strong> ist eine nat\u00fcrliche oder juristische Person, Beh\u00f6rde, Einrichtung oder andere Stelle, die personenbezogene Daten im Auftrag des Verantwortlichen verarbeitet.<\/p>\n\n\n\n<p><strong>Empf\u00e4nger<\/strong> ist eine nat\u00fcrliche oder juristische Person, Beh\u00f6rde, Einrichtung oder andere Stelle, der personenbezogene Daten offengelegt werden, unabh\u00e4ngig davon, ob es sich bei ihr um einen Dritten handelt oder nicht. Beh\u00f6rden, die im Rahmen eines bestimmten Untersuchungsauftrags nach dem Unionsrecht oder dem Recht der Mitgliedstaaten m\u00f6glicherweise personenbezogene Daten erhalten, gelten jedoch nicht als Empf\u00e4nger.<\/p>\n\n\n\n<p><strong>Dritter<\/strong> ist eine nat\u00fcrliche oder juristische Person, Beh\u00f6rde, Einrichtung oder andere Stelle au\u00dfer der betroffenen Person, dem Verantwortlichen, dem Auftragsverarbeiter und den Personen, die unter der unmittelbaren Verantwortung des Verantwortlichen oder des Auftragsverarbeiters befugt sind, die personenbezogenen Daten zu verarbeiten.<\/p>\n\n\n\n<p><strong>Einwilligung<\/strong> ist jede von der betroffenen Person freiwillig f\u00fcr den bestimmten Fall in informierter Weise und unmissverst\u00e4ndlich abgegebene Willensbekundung in Form einer Erkl\u00e4rung oder einer sonstigen eindeutigen best\u00e4tigenden Handlung, mit der die betroffene Person zu verstehen gibt, dass sie mit der Verarbeitung der sie betreffenden personenbezogenen Daten einverstanden ist.<\/p>\n\n\n\n<h4 class=\"wp-block-heading\"><strong>Rechte der betroffenen Person<\/strong><\/h4>\n\n\n\n<p>Als von der Verarbeitung Ihrer Daten betroffene Personen k\u00f6nnen Sie nach der DSGVO sowie nach anderen einschl\u00e4gigen Datenschutzbestimmungen bestimmte Rechte bei uns geltend machen. Nach der DSGVO stehen Ihnen insbesondere die folgenden Rechte als betroffene Person zu:<\/p>\n\n\n\n<p><strong>Recht auf Auskunft<\/strong><\/p>\n\n\n\n<p>Sie k\u00f6nnen von uns jederzeit Informationen \u00fcber Ihre Daten, die wir \u00fcber Sie halten, verlangen. Diese Auskunft betrifft unter anderem die von uns verarbeiteten Datenkategorien, f\u00fcr welche Zwecke wir diese verarbeiten, die Herkunft der Daten, falls wir diese nicht direkt von Ihnen erhoben haben, und gegebenenfalls die Empf\u00e4nger, an die wir Ihre Daten \u00fcbermittelt haben. Sie k\u00f6nnen von uns eine kostenlose Kopie Ihrer Daten erhalten. Sollten Sie Interesse an weiteren Kopien haben, behalten wir uns das Recht vor, Ihnen die weiteren Kopien in Rechnung zu stellen.<\/p>\n\n\n\n<p><strong>Recht auf Berichtigung<\/strong><\/p>\n\n\n\n<p>Sie k\u00f6nnen von uns die Berichtigung Ihrer Daten fordern. Wir werden angemessene Ma\u00dfnahmen unternehmen, um Ihre Daten, die wir \u00fcber sie halten und laufend verarbeiten, richtig, vollst\u00e4ndig und aktuell zu halten, basierend auf den aktuellsten uns zur Verf\u00fcgung stehenden Informationen.<\/p>\n\n\n\n<p><strong>Recht auf L\u00f6schung<\/strong><\/p>\n\n\n\n<p>Sie k\u00f6nnen von uns die L\u00f6schung Ihrer Daten verlangen, sofern hierf\u00fcr die rechtlichen Voraussetzungen vorliegen. Dies kann gem\u00e4\u00df Art. 17 DSGVO etwa dann der Fall sein, wenn:<\/p>\n\n\n\n<ul class=\"wp-block-list\">\n<li>die Daten f\u00fcr die Zwecke, f\u00fcr die sie erhoben oder auf sonstige Weise verarbeitet wurden, nicht l\u00e4nger erforderlich sind;<\/li>\n\n\n\n<li>Sie Ihre Einwilligung, die Grundlage der Datenverarbeitung ist, widerrufen und es an einer anderweitigen Rechtsgrundlage f\u00fcr die Verarbeitung<\/li>\n\n\n\n<li>Sie Widerspruch gegen die Verarbeitung Ihrer Daten einlegen und keine vorrangigen berechtigten Gr\u00fcnde f\u00fcr die Verarbeitung vorliegen, oder Sie gegen die Datenverarbeitung zu Zwecken der Direktwerbung widersprechen;<\/li>\n\n\n\n<li>die Daten unrechtm\u00e4\u00dfig verarbeitet wurden<\/li>\n\n\n\n<li>sofern die Verarbeitung nicht notwendig ist,<\/li>\n\n\n\n<li>um die Einhaltung einer gesetzlichen Verpflichtung, die von uns die Verarbeitung Ihrer Daten erfordert, sicherzustellen; insbesondere im Hinblick auf gesetzliche Aufbewahrungsfristen;<\/li>\n\n\n\n<li>um Rechtsanspr\u00fcche geltend zu machen, auszu\u00fcben oder zu verteidigen.<\/li>\n<\/ul>\n\n\n\n<p><strong>Recht auf Einschr\u00e4nkung der Verarbeitung<\/strong><\/p>\n\n\n\n<p>Sie k\u00f6nnen von uns die Einschr\u00e4nkung der Verarbeitung Ihrer Daten verlangen, falls:<\/p>\n\n\n\n<ul class=\"wp-block-list\">\n<li>Sie die Richtigkeit der Daten bestreiten, und zwar f\u00fcr den Zeitraum, den wir ben\u00f6tigen, um die Richtigkeit der Daten zu \u00fcberpr\u00fcfen;<\/li>\n\n\n\n<li>die Verarbeitung unrechtm\u00e4\u00dfig ist und Sie die L\u00f6schung Ihrer Daten ablehnen und stattdessen die Einschr\u00e4nkung der Nutzung verlangen;<\/li>\n\n\n\n<li>wir Ihre Daten nicht l\u00e4nger ben\u00f6tigen, Sie diese aber ben\u00f6tigen, um Rechtsanspr\u00fcche geltend zu machen, auszu\u00fcben oder zu verteidigen;<\/li>\n\n\n\n<li>Sie Widerspruch gegen die Verarbeitung eingelegt haben, solange noch nicht feststeht, ob unsere berechtigten Gr\u00fcnde Ihre \u00fcberwiegen.<\/li>\n<\/ul>\n\n\n\n<p><strong>Recht auf Daten\u00fcbertragbarkeit<\/strong><\/p>\n\n\n\n<p>Auf Ihren Antrag hin werden wir Ihre Daten \u2013 soweit dies technisch m\u00f6glich ist \u2013 an einen anderen Verantwortlichen \u00fcbertragen. Dieses Recht steht Ihnen allerdings nur zu, sofern die Datenverarbeitung auf Ihrer Einwilligung beruht oder erforderlich ist, um einen Vertrag durchzuf\u00fchren. Anstatt einer Kopie Ihrer Daten zu erhalten, k\u00f6nnen Sie uns auch bitten, dass wir die Daten direkt an einen anderen, von Ihnen konkretisierten Verantwortlichen \u00fcbermitteln.<\/p>\n\n\n\n<p><strong>Recht auf Widerspruch<\/strong><\/p>\n\n\n\n<p>Sie k\u00f6nnen der Verarbeitung Ihrer Daten aus Gr\u00fcnden jederzeit widersprechen, die sich aus Ihrer besonderen Situation ergeben, sofern die Datenverarbeitung auf Ihrer Einwilligung oder auf unseren berechtigten Interessen oder denen eines Dritten beruht. In diesem Fall werden wir Ihre Daten nicht l\u00e4nger verarbeiten. Letzteres gilt nicht, sofern wir zwingende schutzw\u00fcrdige Gr\u00fcnde f\u00fcr die Verarbeitung nachweisen k\u00f6nnen, die Ihre Interessen \u00fcberwiegen oder wir Ihre Daten zur Geltendmachung, Aus\u00fcbung oder Verteidigung von Rechtsanspr\u00fcchen ben\u00f6tigen.<\/p>\n\n\n\n<p><strong>Recht auf Widerruf einer datenschutzrechtlichen Einwilligung<\/strong><\/p>\n\n\n\n<p>Sie haben das Recht, eine erteilte Einwilligung zur Verarbeitung personenbezogener Daten jederzeit zu widerrufen.<\/p>\n\n\n\n<p><strong>Recht auf Beschwerde bei einer Aufsichtsbeh\u00f6rde<\/strong><\/p>\n\n\n\n<p>Sie haben das Recht auf Beschwerde bei einer Aufsichtsbeh\u00f6rde, insbesondere in dem Mitgliedstaat ihres gew\u00f6hnlichen Aufenthaltsorts, ihres Arbeitsplatzes oder des Orts des mutma\u00dflichen Versto\u00dfes, wenn Sie der Ansicht sind, dass die Verarbeitung der sie betreffenden personenbezogenen Daten gegen die EU-Datenschutz-Grundverordnung (DSGVO), sonstige in den Mitgliedstaaten der Europ\u00e4ischen Union geltenden Datenschutzgesetze oder andere Bestimmungen mit datenschutzrechtlichem Charakter verst\u00f6\u00dft. Eine Liste der Landesdatenschutzbeauftragten sowie deren Kontaktdaten k\u00f6nnen folgendem Link entnommen werden:<\/p>\n\n\n\n<p><a href=\"https:\/\/www.bfdi.bund.de\/DE\/Service\/Anschriften\/anschriften_table.html\">https:\/\/www.bfdi.bund.de\/DE\/Service\/Anschriften\/anschriften_table.html<\/a><\/p>\n\n\n\n<p>Die f\u00fcr uns zust\u00e4ndige Datenschutzaufsichtsbeh\u00f6rde ist:<\/p>\n\n\n\n<p>Der Landesbeauftragte f\u00fcr den Datenschutz Niedersachsen<\/p>\n\n\n\n<p>Postfach 221<\/p>\n\n\n\n<p>30002 Hannover<\/p>\n\n\n\n<p>oder<\/p>\n\n\n\n<p>Prinzenstra\u00dfe 5<\/p>\n\n\n\n<p>30159 Hannover<\/p>\n\n\n\n<p>Telefon: <a>+49 (0) 511 120-4500<\/a><\/p>\n\n\n\n<p>E-Mail: poststelle@lfd.niedersachsen.de<\/p>\n\n\n\n<h4 class=\"wp-block-heading has-white-color has-text-color has-link-color wp-elements-4dd7b7d83e0038852e7da0405ee3df6d\"><strong>Rechtsgrundlagen f\u00fcr die Verarbeitung von personenbezogenen Daten<\/strong><\/h4>\n\n\n\n<p>Soweit wir f\u00fcr Verarbeitungsvorg\u00e4nge personenbezogener Daten eine Einwilligung der betroffenen Person einholen, dient Art. 6 Abs. 1 lit. a DSGVO als Rechtsgrundlage.<\/p>\n\n\n\n<p>Bei der Verarbeitung von personenbezogenen Daten, die zur Erf\u00fcllung eines Vertrages, dessen Vertragspartei die betroffene Person ist, erforderlich ist, dient Art. 6 Abs. 1 lit. b DSGVO als Rechtsgrundlage. Dies gilt auch f\u00fcr Verarbeitungsvorg\u00e4nge, die zur Durchf\u00fchrung vorvertraglicher Ma\u00dfnahmen erforderlich sind.<\/p>\n\n\n\n<p>Soweit eine Verarbeitung personenbezogener Daten zur Erf\u00fcllung einer rechtlichen Verpflichtung erforderlich ist, der wir unterliegen, dient Art. 6 Abs. 1 lit. c DSGVO als Rechtsgrundlage.<\/p>\n\n\n\n<p>Ist die Verarbeitung zur Wahrung eines berechtigten Interesses unseres Unternehmens oder eines Dritten erforderlich und \u00fcberwiegen die Interessen, Grundrechte und Grundfreiheiten des Betroffenen das erstgenannte Interesse nicht, so dient Art. 6 Abs. 1 lit. f DSGVO als Rechtsgrundlage f\u00fcr die Verarbeitung.<\/p>\n\n\n\n<h4 class=\"wp-block-heading\"><strong>Routinem\u00e4\u00dfige L\u00f6schung und Sperrung personenbezogener Daten<\/strong><\/h4>\n\n\n\n<p>Der f\u00fcr die Verarbeitung Verantwortliche verarbeitet (in diesem Sinne auch: speichert) personenbezogene Daten der betroffenen Person nur f\u00fcr den Zeitraum, der zur Erreichung des Speicherungszwecks erforderlich ist oder sofern dies durch den Europ\u00e4ischen Richtlinien- und Verordnungsgeber oder einen anderen Gesetzgeber in Gesetzen oder Vorschriften, welchen der f\u00fcr die Verarbeitung Verantwortliche unterliegt, vorgesehen wurde.<\/p>\n\n\n\n<p>Entf\u00e4llt der Speicherungszweck oder l\u00e4uft eine vom Europ\u00e4ischen Richtlinien- und Verordnungsgeber oder einem anderen zust\u00e4ndigen Gesetzgeber vorgeschriebene Speicherfrist ab, werden die personenbezogenen Daten routinem\u00e4\u00dfig und entsprechend den gesetzlichen Vorschriften gesperrt oder gel\u00f6scht.<\/p>\n\n\n\n<h4 class=\"wp-block-heading has-white-color has-text-color has-link-color wp-elements-5d72f901e3f4cb63017c7417e731b795\"><strong>Zusammenarbeit mit Auftragsverarbeitern und Dritten<\/strong><\/h4>\n\n\n\n<p>Sofern wir im Rahmen unserer Verarbeitung Daten gegen\u00fcber anderen Personen und Unternehmen (Auftragsverarbeitern oder Dritten) offenbaren, sie an diese \u00fcbermitteln oder ihnen sonst Zugriff auf die Daten gew\u00e4hren, erfolgt dies nur auf Grundlage einer gesetzlichen Erlaubnis (z.B. wenn eine \u00dcbermittlung der Daten an Dritte, wie an Zahlungsdienstleister, gem. Art. 6 Abs. 1 lit. b DSGVO zur Vertragserf\u00fcllung erforderlich ist), Sie eingewilligt haben, eine rechtliche Verpflichtung dies vorsieht oder auf Grundlage unserer berechtigten Interessen (z.B. beim Einsatz von Beauftragten, Webhostern, etc.).<\/p>\n\n\n\n<p>Sofern wir Dritte mit der Verarbeitung von Daten auf Grundlage eines sogenannten \u201eAuftragsverarbeitungsvertrages\u201c beauftragen, geschieht dies auf Grundlage des Art. 28 DSGVO.<\/p>\n\n\n\n<h4 class=\"wp-block-heading has-white-color has-text-color has-link-color wp-elements-4dc488afe0f5d770cc5f3377aac97e9c\"><strong>Datenschutz bei Bewerbungen und im Bewerberverfahren<\/strong><\/h4>\n\n\n\n<p>Der f\u00fcr die Verarbeitung Verantwortliche erhebt und verarbeitet die personenbezogenen Daten von Bewerbern zum Zwecke der Abwicklung des Bewerbungsverfahrens. Die Verarbeitung kann auch auf elektronischem Wege erfolgen. Dies ist insbesondere dann der Fall, wenn ein Bewerber entsprechende Bewerbungsunterlagen auf dem elektronischen Wege, beispielsweise per E-Mail, an den f\u00fcr die Verarbeitung Verantwortlichen \u00fcbermittelt. Schlie\u00dft der f\u00fcr die Verarbeitung Verantwortliche einen Anstellungsvertrag mit einem Bewerber, werden die \u00fcbermittelten Daten zum Zwecke der Abwicklung des Besch\u00e4ftigungsverh\u00e4ltnisses unter Beachtung der gesetzlichen Vorschriften gespeichert. Wird von dem f\u00fcr die Verarbeitung Verantwortlichen kein Anstellungsvertrag mit dem Bewerber geschlossen, so werden die Bewerbungsunterlagen sechs Monate nach Bekanntgabe der Absage-Entscheidung automatisch gel\u00f6scht, sofern einer L\u00f6schung keine sonstigen berechtigten Interessen des f\u00fcr die Verarbeitung Verantwortlichen entgegenstehen. Sonstiges berechtigtes Interesse in diesem Sinne ist beispielsweise eine Beweispflicht in einem Verfahren nach dem Allgemeinen Gleichbehandlungsgesetz (AGG).<\/p>\n\n\n\n<h4 class=\"wp-block-heading has-white-color has-text-color has-link-color wp-elements-db87f2de0f6d2fc2fbab05a58e85b0fc\">Hosting<\/h4>\n\n\n\n<p>Wir hosten die Inhalte unserer Webseite bei der Mittwald CM Service GmbH &amp; Co. KG, K\u00f6nigsberger Stra\u00dfe 4-6, 32339 Espelkamp (nachfolgend \u201eMittwald\u201c genannt).<\/p>\n\n\n\n<p>Die Verwendung von Mittwald erfolgt auf Grundlage von Art. 6 Abs. 1 lit. f DSGVO. Wir haben ein berechtigtes Interesse an einer m\u00f6glichst zuverl\u00e4ssigen Darstellung unserer Webseite. Sofern eine entsprechende Einwilligung abgefragt wurde, erfolgt die Verarbeitung ausschlie\u00dflich auf Grundlage von Art. 6 Abs. 1 lit. a DSGVO und \u00a7 25 Abs. 1 TDDDG, soweit die Einwilligung die Speicherung von Cookies oder den Zugriff auf Informationen im Endger\u00e4t des Nutzers (z. B. Device-Fingerprinting) im Sinne des TDDDG umfasst. Die Einwilligung ist jederzeit mit Wirkung f\u00fcr die Zukunft widerrufbar.<\/p>\n\n\n\n<p>Wir haben einen Auftragsverarbeitungsvertrag (\u201eAVV\u201c) im Sinne von Art. 28 Abs. 3 DSGVO zur Nutzung des oben genannten Dienstes geschlossen. Hierbei handelt es sich um einen datenschutzrechtlich vorgeschriebenen Vertrag, der gew\u00e4hrleistet, dass dieser die personenbezogenen Daten unserer Webseitenbesucher nur nach unseren Weisungen und unter Einhaltung der DSGVO verarbeitet.<\/p>\n\n\n\n<p>Weitere Details zum Datenschutz bei Mittwald entnehmen Sie der Datenschutzerkl\u00e4rung unter <a href=\"https:\/\/www.mittwald.de\/datenschutz\">https:\/\/www.mittwald.de\/datenschutz<\/a><\/p>\n\n\n\n<h4 class=\"wp-block-heading has-white-color has-text-color has-link-color wp-elements-8334a662814ff7de967666381127cc56\">Sicherheit<\/h4>\n\n\n\n<p>Wir treffen zahlreiche technische und organisatorische Ma\u00dfnahmen, um Ihre personenbezogenen Daten gegen unbeabsichtigte oder unrechtm\u00e4\u00dfige L\u00f6schung, Ver\u00e4nderung oder gegen Verlust und gegen unberechtigte Weitergabe oder unberechtigten Zugriff zu sch\u00fctzen.<\/p>\n\n\n\n<p>Dennoch k\u00f6nnen beispielsweise internetbasierte Daten\u00fcbertragungen grunds\u00e4tzlich Sicherheitsl\u00fccken aufweisen, sodass ein absoluter Schutz nicht gew\u00e4hrleistet werden kann. Aus diesem Grund steht es jeder betroffenen Person frei, personenbezogene Daten auch auf alternativen Wegen, beispielsweise telefonisch, an uns zu \u00fcbermitteln.<\/p>\n\n\n\n<h4 class=\"wp-block-heading has-white-color has-text-color has-link-color wp-elements-78a1b2001ed3cc05c7b2080ccf7578d7\">Verschl\u00fcsselung<\/h4>\n\n\n\n<p>Diese Seite nutzt aus Gr\u00fcnden der Sicherheit und zum Schutz der \u00dcbertragung vertraulicher Inhalte, wie zum Beispiel der Anfragen, die Sie an uns als Seitenbetreiber senden, eine TLS-Verschl\u00fcsselung. Eine verschl\u00fcsselte Verbindung erkennen Sie daran, dass die Adresszeile des Browsers von \u201ehttp:\/\/\u201c auf \u201ehttps:\/\/\u201c wechselt und an dem Schloss-Symbol in der Browserzeile.<\/p>\n\n\n\n<p>Wenn die Verschl\u00fcsselung aktiviert ist, k\u00f6nnen die Daten, die Sie an uns \u00fcbermitteln, nicht von Dritten mitgelesen werden.<\/p>\n\n\n\n<h4 class=\"wp-block-heading has-white-color has-text-color has-link-color wp-elements-9933743622da46a38182d64a779d7c83\"><strong>Erfassung von allgemeinen Daten und Informationen<\/strong><\/h4>\n\n\n\n<p>Unsere Webseite erfasst mit jedem Aufruf der Webseite durch eine betroffene Person oder ein automatisiertes System eine Reihe von allgemeinen Daten und Informationen. Diese allgemeinen Daten und Informationen werden in den Logfiles des Servers gespeichert. Erfasst werden k\u00f6nnen:<\/p>\n\n\n\n<ul class=\"wp-block-list\">\n<li>die verwendeten Browsertypen und Versionen<\/li>\n\n\n\n<li>das vom zugreifenden System verwendete Betriebssystem<\/li>\n\n\n\n<li>die Webseite, von welcher ein zugreifendes System auf unsere Webseite gelangt (so genannte Referrer)<\/li>\n\n\n\n<li>die Unter-Webseiten, welche \u00fcber ein zugreifendes System auf unserer Webseite angesteuert werden<\/li>\n\n\n\n<li>das Datum und die Uhrzeit eines Zugriffs auf die Webseite<\/li>\n\n\n\n<li>eine Web-Protokoll-Adresse (IP-Adresse)<\/li>\n\n\n\n<li>der Internet-Service-Provider des zugreifenden Systems<\/li>\n\n\n\n<li>sonstige \u00e4hnliche Daten und Informationen, die der Gefahrenabwehr im Falle von Angriffen auf unsere informationstechnologischen Systeme dienen<\/li>\n<\/ul>\n\n\n\n<p>Bei der Nutzung dieser allgemeinen Daten und Informationen ziehen wir keine R\u00fcckschl\u00fcsse auf die betroffene Person. Diese Informationen werden vielmehr ben\u00f6tigt, um:<\/p>\n\n\n\n<ul class=\"wp-block-list\">\n<li>die Inhalte unserer Webseite korrekt auszuliefern<\/li>\n\n\n\n<li>die Inhalte unserer Webseite sowie ggf. die Werbung f\u00fcr diese zu optimieren<\/li>\n\n\n\n<li>die dauerhafte Funktionsf\u00e4higkeit unserer informationstechnologischen Systeme und der Technik unserer Webseite zu gew\u00e4hrleisten<\/li>\n\n\n\n<li>Strafverfolgungsbeh\u00f6rden im Falle eines Cyberangriffes die zur Strafverfolgung notwendigen Informationen bereitzustellen<\/li>\n<\/ul>\n\n\n\n<p>Diese erhobenen Daten und Informationen werden durch uns daher einerseits statistisch und ferner mit dem Ziel ausgewertet, den Datenschutz und die Datensicherheit in unserem Unternehmen zu erh\u00f6hen, um letztlich ein optimales Schutzniveau f\u00fcr die von uns verarbeiteten personenbezogenen Daten sicherzustellen. Die anonymen Daten der Server-Logfiles werden getrennt von allen durch eine betroffene Person angegebenen personenbezogenen Daten gespeichert.<\/p>\n\n\n\n<p>Eine Zusammenf\u00fchrung dieser Daten mit anderen Datenquellen wird nicht vorgenommen.<\/p>\n\n\n\n<p>Die Erfassung dieser Daten erfolgt auf Grundlage von Art. 6 Abs. 1 lit. f DSGVO. Der Webseitenbetreiber hat ein berechtigtes Interesse an der technisch fehlerfreien Darstellung und der Optimierung seiner Webseite \u2013 hierzu m\u00fcssen die Server-Log-Files erfasst werden.<\/p>\n\n\n\n<h4 class=\"wp-block-heading has-white-color has-text-color has-link-color wp-elements-994ead2098262add2a0496acf89bfa69\">Anfrage per E-Mail, Telefon oder Telefax<\/h4>\n\n\n\n<p>Wenn Sie uns per E-Mail, Telefon oder Telefax kontaktieren, wird Ihre Anfrage inklusive aller daraus hervorgehenden personenbezogenen Daten (Name, Anfrage) zum Zwecke der Bearbeitung Ihres Anliegens bei uns gespeichert und verarbeitet. Diese Daten geben wir nicht ohne Ihre Einwilligung weiter.<\/p>\n\n\n\n<p>Die Verarbeitung dieser Daten erfolgt auf Grundlage von Art. 6 Abs. 1 lit. b DSGVO, sofern Ihre Anfrage mit der Erf\u00fcllung eines Vertrags zusammenh\u00e4ngt oder zur Durchf\u00fchrung vorvertraglicher Ma\u00dfnahmen erforderlich ist. In allen \u00fcbrigen F\u00e4llen beruht die Verarbeitung auf unserem berechtigten Interesse an der effektiven Bearbeitung der an uns gerichteten Anfragen (Art. 6 Abs. 1 lit. f DSGVO) oder auf Ihrer Einwilligung (Art. 6 Abs. 1 lit. a DSGVO) sofern diese abgefragt wurde.<\/p>\n\n\n\n<p>Die von Ihnen an uns per Kontaktanfragen \u00fcbersandten Daten verbleiben bei uns, bis Sie uns zur L\u00f6schung auffordern, Ihre Einwilligung zur Speicherung widerrufen oder der Zweck f\u00fcr die Datenspeicherung entf\u00e4llt (z. B. nach abgeschlossener Bearbeitung Ihres Anliegens). Zwingende gesetzliche Bestimmungen \u2013 insbesondere gesetzliche Aufbewahrungsfristen \u2013 bleiben unber\u00fchrt.<\/p>\n\n\n\n<h4 class=\"wp-block-heading has-white-color has-text-color has-link-color wp-elements-1ff463fee4fce63e51fb55e094d2a7f6\">Daten\u00fcbertragung aus Formularen<\/h4>\n\n\n\n<p>Die betroffene Person hat die M\u00f6glichkeit, sich auf der Webseite des f\u00fcr die Verarbeitung Verantwortlichen unter Angabe von personenbezogenen Daten f\u00fcr eine Daten\u00fcbertragung \u00fcber Formulare einzutragen. Welche personenbezogenen Daten dabei an den f\u00fcr die Verarbeitung Verantwortlichen \u00fcbermittelt werden, ergibt sich aus der jeweiligen Eingabemaske, die f\u00fcr die Eintragungen verwendet wird. Die von der betroffenen Person eingegebenen personenbezogenen Daten werden ausschlie\u00dflich f\u00fcr die interne Verwendung bei dem f\u00fcr die Verarbeitung Verantwortlichen und f\u00fcr eigene Zwecke erhoben und gespeichert. Die Daten\u00fcbertragung aus Formularen erfolgt grunds\u00e4tzlich verschl\u00fcsselt.<\/p>\n\n\n\n<p>Der f\u00fcr die Verarbeitung Verantwortliche kann die Weitergabe an einen oder mehrere Auftragsverarbeiter (beispielsweise einen Paketdienstleister) veranlassen, der die personenbezogenen Daten ebenfalls ausschlie\u00dflich f\u00fcr eine interne Verwendung, die dem f\u00fcr die Verarbeitung Verantwortlichen zuzurechnen ist, nutzt.<\/p>\n\n\n\n<p>Durch die Daten\u00fcbertragung auf der Webseite des f\u00fcr die Verarbeitung Verantwortlichen wird ferner die vom Internet-Service-Provider (ISP) der betroffenen Person vergebene IP-Adresse, das Datum sowie die Uhrzeit der \u00dcbertragung gespeichert. Die Speicherung dieser Daten erfolgt vor dem Hintergrund, dass nur so der Missbrauch der angebotenen Dienste verhindert werden kann, und diese Daten im Bedarfsfall erm\u00f6glichen, begangene Straftaten und Urheberrechtsverletzungen aufzukl\u00e4ren. Insofern ist die Speicherung dieser Daten zur Absicherung des f\u00fcr die Verarbeitung Verantwortlichen erforderlich. Eine Weitergabe dieser Daten an Dritte erfolgt grunds\u00e4tzlich nicht, sofern keine gesetzliche Pflicht zur Weitergabe besteht oder die Weitergabe der Straf- oder Rechtsverfolgung dient.<\/p>\n\n\n\n<p>Die Eintragungen der betroffenen Person unter freiwilliger Angabe personenbezogener Daten dient dem f\u00fcr die Verarbeitung Verantwortlichen dazu, der betroffenen Person Inhalte oder Leistungen anzubieten, die aufgrund der Natur der Sache nur diesen Benutzern angeboten werden k\u00f6nnen.<\/p>\n\n\n\n<p>Die Verarbeitung dieser Daten erfolgt auf Grundlage von Art. 6 Abs. 1 lit. b DSGVO, sofern Ihre Anfrage mit der Erf\u00fcllung eines Vertrags zusammenh\u00e4ngt oder zur Durchf\u00fchrung vorvertraglicher Ma\u00dfnahmen erforderlich ist. In allen \u00fcbrigen F\u00e4llen beruht die Verarbeitung auf unserem berechtigten Interesse an der effektiven Bearbeitung der an uns gerichteten Anfragen (Art. 6 Abs. 1 lit. f DSGVO) oder auf Ihrer Einwilligung (Art. 6 Abs. 1 lit. a DSGVO) sofern diese abgefragt wurde.<\/p>\n\n\n\n<p>Die von Ihnen an uns per Kontaktanfragen \u00fcbersandten Daten verbleiben bei uns, bis Sie uns zur L\u00f6schung auffordern, Ihre Einwilligung zur Speicherung widerrufen oder der Zweck f\u00fcr die Datenspeicherung entf\u00e4llt (z. B. nach abgeschlossener Bearbeitung Ihres Anliegens). Zwingende gesetzliche Bestimmungen \u2013 insbesondere gesetzliche Aufbewahrungsfristen \u2013 bleiben unber\u00fchrt.<\/p>\n\n\n\n<h4 class=\"wp-block-heading has-white-color has-text-color has-link-color wp-elements-ea4aa64b4954e6e6b6ffa2f81067a362\">Newsletterversand<\/h4>\n\n\n\n<p><a>Wenn Sie den auf der Webseite angebotenen Newsletter beziehen m\u00f6chten, ben\u00f6tigen wir von Ihnen eine E-Mail-Adresse sowie Informationen, welche uns die \u00dcberpr\u00fcfung gestatten, dass Sie der Inhaber der angegebenen E-Mail-Adresse sind und mit dem Empfang des Newsletters einverstanden sind. Weitere Daten werden nicht bzw. nur auf freiwilliger Basis erhoben. Diese Daten verwenden wir ausschlie\u00dflich f\u00fcr den Versand der angeforderten Informationen und geben diese nicht an Dritte weiter.<\/a><\/p>\n\n\n\n<p>Die Verarbeitung der in das Newsletteranmeldeformular eingegebenen Daten erfolgt ausschlie\u00dflich auf Grundlage Ihrer Einwilligung gem\u00e4\u00df Art. 6 Abs. 1 lit. a DSGVO. Die erteilte Einwilligung zur Speicherung der Daten, der E-Mail-Adresse sowie deren Nutzung zum Versand des Newsletters k\u00f6nnen Sie jederzeit widerrufen, etwa \u00fcber den &#8222;Austragen&#8220;-Link im Newsletter. Die Rechtm\u00e4\u00dfigkeit der bereits erfolgten Datenverarbeitungsvorg\u00e4nge bleibt vom Widerruf unber\u00fchrt.<\/p>\n\n\n\n<p>Diese Webseite nutzt den Dienst \u201emailworx\u201c f\u00fcr den Versand von Newslettern. Anbieter ist die eworx Network &amp; Internet GmbH, Hanriederstra\u00dfe 25, 4150 Rohrbach-Berg, \u00d6sterreich (im Folgenden \u201emailworx\u201c genannt).<\/p>\n\n\n\n<p>mailworx ist ein Dienst, mit dem u.a. der Versand von Newslettern organisiert und analysiert werden kann.<\/p>\n\n\n\n<p>Mit Hilfe von mailworx k\u00f6nnen wir unsere Newsletterkampagnen analysieren. Wenn Sie eine mit mailworx versandte E-Mail \u00f6ffnen, verbindet sich eine in der E-Mail enthaltene Datei (sog. web-beacon) mit den Servern von mailworx. So kann festgestellt werden, ob eine Newsletter-Nachricht ge\u00f6ffnet und welche Links ggf. angeklickt wurden. Au\u00dferdem werden technische Informationen erfasst (z.B. Zeitpunkt des Abrufs, IP-Adresse, Browsertyp und Betriebssystem). Diese Informationen dienen ausschlie\u00dflich der statistischen Analyse von Newsletterkampagnen. Die Ergebnisse dieser Analysen k\u00f6nnen genutzt werden, um k\u00fcnftige Newsletter besser an die Interessen der Empf\u00e4nger anzupassen.<\/p>\n\n\n\n<p>Wenn Sie keine Analyse durch mailworx wollen, m\u00fcssen Sie den Newsletter abbestellen. Hierf\u00fcr stellen wir in jeder Newsletternachricht einen entsprechenden Link zur Verf\u00fcgung.<\/p>\n\n\n\n<p>Die von Ihnen zum Zwecke des Newsletter-Bezugs bei uns hinterlegten Daten werden von uns bis zu Ihrer Austragung aus dem Newsletter bei uns bzw. mailworx gespeichert und nach der Abbestellung des Newsletters oder nach Zweckfortfall aus der Newsletterverteilerliste gel\u00f6scht. Wir behalten uns vor, E-Mail-Adressen aus unserem Newsletterverteiler nach eigenem Ermessen im Rahmen unseres berechtigten Interesses nach Art. 6 Abs. 1 lit. f DSGVO zu l\u00f6schen oder zu sperren.<\/p>\n\n\n\n<p>Daten, die zu anderen Zwecken bei uns gespeichert wurden, bleiben hiervon unber\u00fchrt.<\/p>\n\n\n\n<p>Nach Ihrer Austragung aus der Newsletterverteilerliste wird Ihre E-Mail-Adresse bei uns bzw. mailworx ggf. in einer Blacklist gespeichert, sofern dies zur Verhinderung k\u00fcnftiger Mailings erforderlich ist. Die Daten aus der Blacklist werden nur f\u00fcr diesen Zweck verwendet und nicht mit anderen Daten zusammengef\u00fchrt. Dies dient sowohl Ihrem Interesse als auch unserem Interesse an der Einhaltung der gesetzlichen Vorgaben beim Versand von Newslettern (berechtigtes Interesse im Sinne des Art. 6 Abs. 1 lit. f DSGVO). Die Speicherung in der Blacklist ist zeitlich nicht befristet. <strong>Sie k\u00f6nnen der Speicherung widersprechen, sofern Ihre Interessen unser berechtigtes Interesse \u00fcberwiegen.<\/strong><\/p>\n\n\n\n<p>Wir haben mit mailworx einen Auftragsverarbeitungsvertrag gem\u00e4\u00df Art. 28 Abs. 3 DSGVO abgeschlossen. In diesem verpflichten wir mailworx, die Daten unserer Kunden zu sch\u00fctzen und sie nicht an Dritte weiterzugeben.<\/p>\n\n\n\n<p>Weitere Informationen zum Datenschutz bei mailworx entnehmen Sie deren Datenschutzerkl\u00e4rung unter <a href=\"https:\/\/www.eworx.at\/marketing-suite\/datenschutz\">https:\/\/www.eworx.at\/marketing-suite\/datenschutz<\/a><\/p>\n\n\n\n<h4 class=\"wp-block-heading has-white-color has-text-color has-link-color wp-elements-abf393094266cf92522dd9cc88e3f5e8\">Links zu anderen Webseiten<\/h4>\n\n\n\n<p>Diese Webseite enth\u00e4lt Links zu anderen Webseiten (so genannte externe Links).<\/p>\n\n\n\n<p>Wir sind als Anbieter f\u00fcr eigene Inhalte nach den geltenden europ\u00e4ischen und nationalen Rechtsvorschriften verantwortlich. Von diesen eigenen Inhalten sind Links auf die von anderen Anbietern bereitgehaltenen Inhalte zu unterscheiden. Wir haben keinen Einfluss darauf, dass die Betreiber anderer Webseiten die geltenden europ\u00e4ischen und nationalen gesetzlichen Bestimmungen einhalten. Bitte informieren Sie sich hierzu \u00fcber die auf der jeweiligen Webseite bereitgestellten Datenschutzerkl\u00e4rungen.<\/p>\n\n\n\n<h4 class=\"wp-block-heading has-white-color has-text-color has-link-color wp-elements-900006db7631be81b7690cae0926ba35\">Cookies<\/h4>\n\n\n\n<p>Um unseren Internetauftritt f\u00fcr Sie benutzerfreundlich zu gestalten und optimal auf Ihre Bed\u00fcrfnisse abzustimmen, setzen wir Cookies ein. Cookies sind kleine Text-Dateien, die, sobald Sie eine Webseite besuchen, von einem Webserver an Ihren Browser gesendet und lokal auf Ihrem Endger\u00e4t (PC, Notebook, Tablet, Smartphone usw.) gespeichert werden.<\/p>\n\n\n\n<p>Zahlreiche Webseiten und Server verwenden Cookies. Viele Cookies enthalten eine sogenannte Cookie-ID. Eine Cookie-ID ist eine eindeutige Kennung des Cookies. Sie besteht aus einer Zeichenfolge, durch welche Webseiten und Server dem konkreten Webbrowser zugeordnet werden k\u00f6nnen, in dem das Cookie gespeichert wurde. Dies erm\u00f6glicht es den besuchten Webseiten und Servern, den individuellen Browser der betroffenen Person von anderen Webbrowsern, die andere Cookies enthalten, zu unterscheiden. Ein bestimmter Webbrowser kann \u00fcber die eindeutige Cookie-ID wiedererkannt und identifiziert werden. Diese Informationen dienen dazu, wenn Sie die Webseite erneut mit demselben Endger\u00e4t besuchen, Sie automatisch wiederzuerkennen und Ihnen die Navigation zu erleichtern.<\/p>\n\n\n\n<p>Die Einwilligung oder Ablehnung von Cookies \u2013 auch f\u00fcr Webtracking \u2013 k\u00f6nnen Sie auch \u00fcber die Einstellungen Ihres Webbrowsers vornehmen. Sie k\u00f6nnen Ihren Browser so konfigurieren, dass die Annahme von Cookies prinzipiell verweigert wird oder Sie vorab informiert werden, wenn ein Cookie gespeichert werden soll. In diesem Falle kann aber die Funktionalit\u00e4t der Webseite beeintr\u00e4chtigt sein (zum Beispiel bei Bestellungen). Ihr Browser bietet auch eine Funktion an, Cookies zu l\u00f6schen (zum Beispiel \u00fcber \u201eBrowserdaten l\u00f6schen\u201c). Dies ist in allen g\u00e4ngigen Webbrowsern m\u00f6glich. Weitere Informationen hierzu k\u00f6nnen Sie in der Bedienungsanleitung oder auch in den Einstellungen Ihres Browsers finden.<\/p>\n\n\n\n<p><strong>First-Party Cookies:<\/strong> First-Party Cookies bezeichnen dauerhafte Cookies, die auf dem Rechner gespeichert werden und ihre G\u00fcltigkeit erst verlieren, wenn das ihnen zugewiesene Verfallsdatum abgelaufen ist. Das Wort \u201eParty\u201c bezieht sich auf die Domain, von welcher das Cookie stammt. Im Gegensatz zu Third-Party Cookies, stammen First-Party Cookies f\u00fcr gew\u00f6hnlich vom Webseitenbetreiber selbst. Sie sind damit von Browsern nicht domain\u00fcbergreifend zug\u00e4nglich. Beispielsweise vergibt Webseite A einen Cookie A, welcher von Webseite B aber nicht erkannt wird, sondern kann nur von Webseite A wiedererkannt werden. Daten k\u00f6nnen so nicht an Dritte weitergegeben werden.<\/p>\n\n\n\n<p><strong>Third-Party Cookies:<\/strong> Bei einem Third-Party Cookie wird das Cookie von einem Dritten gesetzt und erfasst. Diese Cookies werden zumeist von Werbungtreibenden genutzt, die \u00fcber ihre Werbeschaltungen auf anderen Webseiten mit den Cookies Informationen \u00fcber den Webseitenbesucher sammeln. Es handelt sich dabei um Datens\u00e4tze, die im Webbrowser des Nutzers gespeichert werden, wenn er eine Seite mit der Werbung besucht. Besucht er erneut eine Seite mit Werbung des gleichen Anbieters, wird er wiedererkannt.<\/p>\n\n\n\n<p>Weitere Unterscheidungsmerkmale:<\/p>\n\n\n\n<p><strong>Transiente Cookies:<\/strong> Transiente Cookies werden automatisiert gel\u00f6scht, wenn Sie den Browser schlie\u00dfen. Dazu z\u00e4hlen insbesondere die Session-Cookies. Diese speichern eine sogenannte Session-ID, mit welcher sich verschiedene Anfragen Ihres Browsers der gemeinsamen Sitzung zuordnen lassen. Dadurch kann Ihr Rechner wiedererkannt werden, wenn Sie auf unsere Website zur\u00fcckkehren. Die Session-Cookies werden gel\u00f6scht, wenn Sie sich ausloggen oder den Browser schlie\u00dfen.<\/p>\n\n\n\n<p><strong>Persistente Cookies:<\/strong> Persistente Cookies werden automatisiert nach einer vorgegebenen Dauer gel\u00f6scht, die sich je nach Cookie unterscheiden kann. Sie k\u00f6nnen die Cookies in den Sicherheitseinstellungen Ihres Browsers jederzeit l\u00f6schen.<\/p>\n\n\n\n<h4 class=\"wp-block-heading\">Einwilligung mit Borlabs Cookie<\/h4>\n\n\n\n<p>Unsere Webseite nutzt die Consent-Technologie von Borlabs Cookie, um Ihre Einwilligung zur Speicherung bestimmter Cookies in Ihrem Browser oder zum Einsatz bestimmter Technologien einzuholen und diese datenschutzkonform zu dokumentieren. Anbieter dieser Technologie ist die Borlabs GmbH, R\u00fcbenkamp 32, 22305 Hamburg (im Folgenden \u201eBorlabs\u201c genannt).<\/p>\n\n\n\n<p>Wenn Sie unsere Webseite betreten, wird ein Borlabs-Cookie in Ihrem Browser gespeichert, in dem die von Ihnen erteilten Einwilligungen oder der Widerruf dieser Einwilligungen gespeichert werden. Diese Daten werden nicht an Borlabs weitergegeben.<\/p>\n\n\n\n<p>Die erfassten Daten werden gespeichert, bis Sie uns zur L\u00f6schung auffordern bzw. das Borlabs-Cookie selbst l\u00f6schen oder der Zweck f\u00fcr die Datenspeicherung entf\u00e4llt. Zwingende gesetzliche Aufbewahrungsfristen bleiben unber\u00fchrt.<\/p>\n\n\n\n<p>Der Einsatz der Borlabs-Cookie-Consent-Technologie erfolgt, um die gesetzlich vorgeschriebenen Einwilligungen f\u00fcr den Einsatz von Cookies einzuholen. Rechtsgrundlage hierf\u00fcr ist Art. 6 Abs. 1 lit. c DSGVO.<\/p>\n\n\n\n<p>Details zur Datenverarbeitung von Borlabs Cookie finden Sie unter <a href=\"https:\/\/de.borlabs.io\/kb\/welche-daten-speichert-borlabs-cookie\/\">https:\/\/de.borlabs.io\/kb\/welche-daten-speichert-borlabs-cookie\/<\/a> und <a href=\"https:\/\/de.borlabs.io\/datenschutz\/\">https:\/\/de.borlabs.io\/datenschutz\/<\/a><\/p>\n\n\n\n<h4 class=\"wp-block-heading has-white-color has-text-color has-link-color wp-elements-b623626e72b32b1e02275b792c1b8f93\">Unsere Social-Media-Auftritte<\/h4>\n\n\n\n<h5 class=\"wp-block-heading\">Datenverarbeitung durch soziale Netzwerke<\/h5>\n\n\n\n<p>Wir unterhalten \u00f6ffentlich zug\u00e4ngliche Profile in sozialen Netzwerken. Die im Einzelnen von uns genutzten sozialen Netzwerke finden Sie weiter unten.<\/p>\n\n\n\n<p>Soziale Netzwerke wie Facebook, \u201eX\u201c etc. k\u00f6nnen Ihr Nutzerverhalten in der Regel umfassend analysieren, wenn Sie deren Webseite oder eine Webseite mit integrierten Social-Media-Inhalten (z. B. Like- Buttons oder Werbebannern) besuchen. Durch den Besuch unserer Social-Media-Pr\u00e4senzen werden zahlreiche datenschutzrelevante Verarbeitungsvorg\u00e4nge ausgel\u00f6st. Im Einzelnen:<\/p>\n\n\n\n<p>Wenn Sie in Ihrem Social-Media-Account eingeloggt sind und unsere Social-Media-Pr\u00e4senz besuchen, kann der Betreiber des Social-Media-Portals diesen Besuch Ihrem Benutzerkonto zuordnen. Ihre personenbezogenen Daten k\u00f6nnen unter Umst\u00e4nden aber auch dann erfasst werden, wenn Sie nicht eingeloggt sind oder keinen Account beim jeweiligen Social-Media-Portal besitzen. Diese Datenerfassung erfolgt in diesem Fall beispielsweise \u00fcber Cookies, die auf Ihrem Endger\u00e4t gespeichert werden oder durch Erfassung Ihrer IP-Adresse.<\/p>\n\n\n\n<p>Mit Hilfe der so erfassten Daten k\u00f6nnen die Betreiber der Social-Media-Portale Nutzerprofile erstellen, in denen Ihre Pr\u00e4ferenzen und Interessen hinterlegt sind. Auf diese Weise kann Ihnen interessenbezogene Werbung in- und au\u00dferhalb der jeweiligen Social-Media-Pr\u00e4senz angezeigt werden. Sofern Sie \u00fcber einen Account beim jeweiligen sozialen Netzwerk verf\u00fcgen, kann die interessenbezogene Werbung auf allen Ger\u00e4ten angezeigt werden, auf denen Sie eingeloggt sind oder eingeloggt waren.<\/p>\n\n\n\n<p>Bitte beachten Sie au\u00dferdem, dass wir nicht alle Verarbeitungsprozesse auf den Social-Media-Portalen nachvollziehen k\u00f6nnen. Je nach Anbieter k\u00f6nnen daher ggf. weitere Verarbeitungsvorg\u00e4nge von den Betreibern der Social-Media-Portale durchgef\u00fchrt werden. Details hierzu entnehmen Sie den Nutzungsbedingungen und Datenschutzbestimmungen der jeweiligen Social-Media-Portale.<\/p>\n\n\n\n<p>Eine \u00dcbersicht \u00fcber die Facebook Social-Media-Elemente finden Sie hier:&nbsp;<a href=\"https:\/\/developers.facebook.com\/docs\/plugins\/?locale=de_DE\" target=\"_blank\" rel=\"noreferrer noopener\">https:\/\/developers.facebook.com\/docs\/plugins\/?locale=de_DE<\/a>.<\/p>\n\n\n\n<h5 class=\"wp-block-heading\">Rechtsgrundlage<\/h5>\n\n\n\n<p>Unsere Social-Media-Auftritte sollen eine m\u00f6glichst umfassende Pr\u00e4senz im Internet gew\u00e4hrleisten. Hierbei handelt es sich um ein berechtigtes Interesse im Sinne von Art. 6 Abs. 1 lit. f DSGVO. Die von den sozialen Netzwerken initiierten Analyseprozesse beruhen ggf. auf abweichenden Rechtsgrundlagen, die von den Betreibern der sozialen Netzwerke anzugeben sind (z. B. Einwilligung im Sinne des Art. 6 Abs. 1 lit. a DSGVO).<\/p>\n\n\n\n<h5 class=\"wp-block-heading\">Verantwortlicher und Geltendmachung von Rechten<\/h5>\n\n\n\n<p>Wenn Sie einen unserer Social-Media-Auftritte (z. B. Facebook) besuchen, sind wir gemeinsam mit dem Betreiber der Social-Media-Plattform f\u00fcr die bei diesem Besuch ausgel\u00f6sten Datenverarbeitungsvorg\u00e4nge verantwortlich. Sie k\u00f6nnen Ihre Rechte (Auskunft, Berichtigung, L\u00f6schung, Einschr\u00e4nkung der Verarbeitung, Daten\u00fcbertragbarkeit und Beschwerde) grunds\u00e4tzlich sowohl gg\u00fc. uns als auch gg\u00fc. dem Betreiber des jeweiligen Social-Media-Portals (z. B. gg\u00fc. Facebook) geltend machen.<\/p>\n\n\n\n<p>Bitte beachten Sie, dass wir trotz der gemeinsamen Verantwortlichkeit mit den Social-Media-Portal- Betreibern nicht vollumf\u00e4nglich Einfluss auf die Datenverarbeitungsvorg\u00e4nge der Social-Media-Portale haben. Unsere M\u00f6glichkeiten richten sich ma\u00dfgeblich nach der Unternehmenspolitik des jeweiligen Anbieters.<\/p>\n\n\n\n<h5 class=\"wp-block-heading\">Speicherdauer<\/h5>\n\n\n\n<p>Die unmittelbar von uns \u00fcber die Social-Media-Pr\u00e4senz erfassten Daten werden von unseren Systemen gel\u00f6scht, sobald der Zweck f\u00fcr ihre Speicherung entf\u00e4llt, Sie uns zur L\u00f6schung auffordern, Ihre Einwilligung zur Speicherung widerrufen oder der Zweck f\u00fcr die Datenspeicherung entf\u00e4llt. Gespeicherte Cookies verbleiben auf Ihrem Endger\u00e4t, bis Sie sie l\u00f6schen. Zwingende gesetzliche Bestimmungen \u2013 insb. Aufbewahrungsfristen \u2013 bleiben unber\u00fchrt.<\/p>\n\n\n\n<p>Auf die Speicherdauer Ihrer Daten, die von den Betreibern der sozialen Netzwerke zu eigenen Zwecken gespeichert werden, haben wir keinen Einfluss. F\u00fcr Einzelheiten dazu informieren Sie sich bitte direkt bei den Betreibern der sozialen Netzwerke (z. B. in deren Datenschutzerkl\u00e4rung, siehe unten).<\/p>\n\n\n\n<h5 class=\"wp-block-heading\">Facebook<\/h5>\n\n\n\n<p>Wir verf\u00fcgen \u00fcber ein Profil bei Facebook. Anbieter dieses Dienstes ist die Meta Platforms Ireland Limited, 4 Grand Canal Square, Dublin 2, Irland (im Folgenden \u201eFacebook\u201c genannt). Die erfassten Daten werden nach Aussage von Facebook auch in die USA und in andere Drittl\u00e4nder \u00fcbertragen.<\/p>\n\n\n\n<p>Wir haben mit Facebook eine Vereinbarung \u00fcber gemeinsame Verarbeitung (Controller Addendum) geschlossen.<\/p>\n\n\n\n<p>In dieser Vereinbarung wird festgelegt, f\u00fcr welche Datenverarbeitungsvorg\u00e4nge wir bzw. Facebook verantwortlich ist, wenn Sie unsere Facebook-Page besuchen. Diese Vereinbarung k\u00f6nnen Sie unter folgendem Link einsehen:<\/p>\n\n\n\n<p><a href=\"https:\/\/www.facebook.com\/legal\/terms\/page_controller_addendum\">https:\/\/www.facebook.com\/legal\/terms\/page_controller_addendum<\/a><\/p>\n\n\n\n<p>Sie k\u00f6nnen Ihre Werbeeinstellungen selbstst\u00e4ndig in Ihrem Nutzer-Account anpassen. Klicken Sie hierzu auf folgenden Link und loggen Sie sich ein:<\/p>\n\n\n\n<p><a href=\"https:\/\/www.facebook.com\/settings?tab=ads\">https:\/\/www.facebook.com\/settings?tab=ads<\/a><\/p>\n\n\n\n<p>Details entnehmen Sie der Datenschutzerkl\u00e4rung von Facebook: <a href=\"https:\/\/www.facebook.com\/privacy\/center\/\">https:\/\/www.facebook.com\/privacy\/center\/<\/a><\/p>\n\n\n\n<h5 class=\"wp-block-heading\">Instagram<\/h5>\n\n\n\n<p>Wir verf\u00fcgen \u00fcber ein Profil bei Instagram. Anbieter ist die Instagram Inc., 1601 Willow Road, Menlo Park, CA, 94025, USA. Details zu deren Umgang mit Ihren personenbezogenen Daten entnehmen Sie der Datenschutzerkl\u00e4rung von Instagram: <a href=\"https:\/\/privacycenter.instagram.com\/\">https:\/\/privacycenter.instagram.com\/<\/a><\/p>\n\n\n\n<h5 class=\"wp-block-heading\">YouTube<\/h5>\n\n\n\n<p>Wir verf\u00fcgen \u00fcber ein Profil bei YouTube. Anbieter ist die Google Ireland Limited, Gordon House, Barrow Street, Dublin 4, Irland. Details zu deren Umgang mit Ihren personenbezogenen Daten entnehmen Sie der Datenschutzerkl\u00e4rung von YouTube:<\/p>\n\n\n\n<p><a href=\"https:\/\/policies.google.com\/privacy?hl=de\">https:\/\/policies.google.com\/privacy?hl=de<\/a><\/p>\n\n\n\n<h5 class=\"wp-block-heading has-white-color has-text-color has-link-color wp-elements-fab4fa3ef4f458b75edd6b31825d7952\">X (vormals &#8222;Twitter&#8220;)<\/h5>\n\n\n\n<p>Wir verf\u00fcgen \u00fcber ein Profil bei X. Anbieter ist die X Corp., Suite 900, 1355 Market Street, San Francisco, California, 94103, USA. Details zu deren Umgang mit Ihren personenbezogenen Daten entnehmen Sie der Datenschutzerkl\u00e4rung von X:<\/p>\n\n\n\n<p><a href=\"https:\/\/twitter.com\/de\/privacy\">https:\/\/twitter.com\/de\/privacy<\/a><\/p>\n\n\n\n<h5 class=\"wp-block-heading\">Pinterest<\/h5>\n\n\n\n<p>Wir verf\u00fcgen \u00fcber ein Profil bei Pinterest. Betreiber ist die Pinterest Europe Ltd., Palmerston House, 2nd Floor, Fenian Street, Dublin 2, Irland. Details zu deren Umgang mit Ihren personenbezogenen Daten entnehmen Sie der Datenschutzerkl\u00e4rung von Pinterest:<\/p>\n\n\n\n<p><a href=\"https:\/\/policy.pinterest.com\/de\/privacy-policy\">https:\/\/policy.pinterest.com\/de\/privacy-policy<\/a><\/p>\n\n\n\n<h4 class=\"wp-block-heading\">Name und Anschrift des Verantwortlichen:<\/h4>\n\n\n\n<p class=\"has-white-color has-text-color has-link-color wp-elements-99f9a3bfa9f11663043b334e14a1d34c\">Verantwortlicher im Sinne der EU-Datenschutz-Grundverordnung (DSGVO), sonstiger in den Mitgliedstaaten der Europ\u00e4ischen Union geltenden Datenschutzgesetze und anderer Bestimmungen mit datenschutzrechtlichem Charakter ist die:<\/p>\n\n\n\n<p><a>Quadral GmbH<\/a><br>Hannoversche Stra\u00dfe 99<br>30916 Isernhagen<br>Germany<br>Gesch\u00e4ftsf\u00fchrer: Andreas Hetzendorfer<br>Tel: +49 (0)511 7904-0<br>Fax: +49 (0)511 7904-444<br>E-Mail: info [at] quadral [dot] com<\/p>\n\n\n\n<p><strong>Name und Anschrift des Datenschutzbeauftragten:<\/strong><br>SHIELD GmbH<br>Martin Vogel<br>Ohlrattweg 5<br>25497 Prisdorf<br>Telefon: +49 (0) 4101 80 50 600<br>E-Mail: info [at] shield-datenschutz [dot] de<br>Hannover, Januar 2025<\/p>\n\n\n\n<p><strong>\u00c4nderungen der Datenschutzerkl\u00e4rung<\/strong><\/p>\n\n\n\n<p class=\"has-white-color has-text-color has-link-color wp-elements-bf76c9eec06d1a7797c842e03f88aba3\">Wir behalten uns das Recht vor, unsere Datenschutzpraktiken und diese Datenschutzerkl\u00e4rung abzu\u00e4ndern, um sie gegebenenfalls an \u00c4nderungen relevanter Gesetze bzw. Vorschriften anzupassen oder Ihren Bed\u00fcrfnissen besser gerecht zu werden. M\u00f6gliche \u00c4nderungen unserer Datenschutzpraktiken werden entsprechend an dieser Stelle bekannt gegeben. Beachten Sie hierzu bitte das aktuelle Versionsdatum der Datenschutzerkl\u00e4rung.<\/p>\n<\/div><\/div>\n","protected":false},"excerpt":{"rendered":"<p>Datenschutzerkl\u00e4rung der Quadral GmbH Wir freuen uns, dass Sie unsere Webseite besuchen und bedanken uns f\u00fcr Ihr Interesse an unserem Unternehmen. Der Schutz personenbezogener Daten ist uns ein wichtiges Anliegen. Deshalb erfolgt die Verarbeitung personenbezogener Daten, beispielsweise des Namens, der Anschrift, der E-Mail-Adresse oder der Telefonnummer einer betroffenen Person in \u00dcbereinstimmung mit den geltenden europ\u00e4ischen <a href=\"https:\/\/www.quadral.com\/de\/datenschutzerklaerung\/\" class=\"more-link\">&#8230;<span class=\"screen-reader-text\">  Datenschutzerkl\u00e4rung der Quadral GmbH<\/span><\/a><\/p>\n","protected":false},"author":1,"featured_media":0,"parent":0,"menu_order":0,"comment_status":"closed","ping_status":"closed","template":"","meta":{"footnotes":""},"class_list":["post-503","page","type-page","status-publish","hentry"],"_links":{"self":[{"href":"https:\/\/www.quadral.com\/de\/wp-json\/wp\/v2\/pages\/503"}],"collection":[{"href":"https:\/\/www.quadral.com\/de\/wp-json\/wp\/v2\/pages"}],"about":[{"href":"https:\/\/www.quadral.com\/de\/wp-json\/wp\/v2\/types\/page"}],"author":[{"embeddable":true,"href":"https:\/\/www.quadral.com\/de\/wp-json\/wp\/v2\/users\/1"}],"replies":[{"embeddable":true,"href":"https:\/\/www.quadral.com\/de\/wp-json\/wp\/v2\/comments?post=503"}],"version-history":[{"count":8,"href":"https:\/\/www.quadral.com\/de\/wp-json\/wp\/v2\/pages\/503\/revisions"}],"predecessor-version":[{"id":1121,"href":"https:\/\/www.quadral.com\/de\/wp-json\/wp\/v2\/pages\/503\/revisions\/1121"}],"wp:attachment":[{"href":"https:\/\/www.quadral.com\/de\/wp-json\/wp\/v2\/media?parent=503"}],"curies":[{"name":"wp","href":"https:\/\/api.w.org\/{rel}","templated":true}]}}